{"id":14,"date":"2020-10-29T07:33:58","date_gmt":"2020-10-29T07:33:58","guid":{"rendered":"http:\/\/wessela31.sg-host.com\/?page_id=14"},"modified":"2022-10-26T09:27:16","modified_gmt":"2022-10-26T08:27:16","slug":"datenschutz","status":"publish","type":"page","link":"https:\/\/allaboutimages.eu\/nl\/datenschutz\/","title":{"rendered":"Datenschutz"},"content":{"rendered":"<div data-elementor-type=\"wp-page\" data-elementor-id=\"14\" class=\"elementor elementor-14\" data-elementor-post-type=\"page\">\n\t\t\t\t\t\t<section class=\"elementor-section elementor-top-section elementor-element elementor-element-0d13af2 elementor-section-boxed elementor-section-height-default elementor-section-height-default\" data-id=\"0d13af2\" data-element_type=\"section\" data-e-type=\"section\">\n\t\t\t\t\t\t\t<div class=\"elementor-background-overlay\"><\/div>\n\t\t\t\t\t\t\t<div class=\"elementor-container elementor-column-gap-default\">\n\t\t\t\t\t<div class=\"elementor-column elementor-col-100 elementor-top-column elementor-element elementor-element-3fdd308\" data-id=\"3fdd308\" data-element_type=\"column\" data-e-type=\"column\">\n\t\t\t<div class=\"elementor-widget-wrap elementor-element-populated\">\n\t\t\t\t\t\t<div class=\"elementor-element elementor-element-58e90cd elementor-widget elementor-widget-heading\" data-id=\"58e90cd\" data-element_type=\"widget\" data-e-type=\"widget\" data-widget_type=\"heading.default\">\n\t\t\t\t\t<h2 class=\"elementor-heading-title elementor-size-default\">\nDatenschutzerkl\u00e4rung<\/h2>\t\t\t\t<\/div>\n\t\t\t\t<div class=\"elementor-element elementor-element-f7de111 elementor-widget elementor-widget-text-editor\" data-id=\"f7de111\" data-element_type=\"widget\" data-e-type=\"widget\" data-widget_type=\"text-editor.default\">\n\t\t\t\t\t\t\t\t\t<p style=\"margin: 0cm 0cm 0.0001pt; font-size: medium; font-family: Calibri, sans-serif; caret-color: #000000; color: #000000; text-align: center;\" align=\"center\">\u00a0<\/p><p style=\"margin: 0cm 0cm 0.0001pt; font-size: medium; font-family: Calibri, sans-serif; caret-color: #000000; color: #000000;\">\u00a0<\/p><p style=\"margin: 0cm 0cm 0.0001pt; font-size: medium; font-family: Calibri, sans-serif; caret-color: #000000; color: #000000;\"><b><span style=\"font-size: 10.5pt; font-family: Arial, sans-serif; color: #414141;\">Name und Anschrift des Verantwortlichen:<\/span><\/b><\/p><p style=\"margin: 0cm 0cm 0.0001pt; font-size: medium; font-family: Calibri, sans-serif; caret-color: #000000; color: #000000;\"><span style=\"font-size: 10.5pt; font-family: Arial, sans-serif; color: #414141;\">Der Verantwortliche im Sinne der EU-Datenschutz-Grundverordnung sowie sonstiger datenschutzrechtlicher Bestimmungen ist:<\/span><\/p><p style=\"margin: 0cm 0cm 0.0001pt; font-size: medium; font-family: Calibri, sans-serif; caret-color: #000000; color: #000000;\"><span lang=\"EN-US\" style=\"font-size: 10.5pt; font-family: Arial, sans-serif; color: #414141;\">All About Images<\/span><\/p><p style=\"margin: 0cm 0cm 0.0001pt; font-size: medium; font-family: Calibri, sans-serif; caret-color: #000000; color: #000000;\"><span lang=\"EN-US\" style=\"font-size: 10.5pt; font-family: Arial, sans-serif; color: #414141;\">Heike Jasper<\/span><\/p><p style=\"margin: 0cm 0cm 0.0001pt; font-size: medium; font-family: Calibri, sans-serif; caret-color: #000000; color: #000000;\"><span lang=\"EN-US\" style=\"font-size: 10.5pt; font-family: Arial, sans-serif; color: #414141;\">Westduinen\u00a061<\/span><\/p><p style=\"margin: 0cm 0cm 0.0001pt; font-size: medium; font-family: Calibri, sans-serif; caret-color: #000000; color: #000000;\"><span lang=\"NL\" style=\"font-size: 10.5pt; font-family: Arial, sans-serif; color: #414141;\">1187 JG Amstelveen<\/span><\/p><p style=\"margin: 0cm 0cm 0.0001pt; font-size: medium; font-family: Calibri, sans-serif; caret-color: #000000; color: #000000;\"><span lang=\"NL\" style=\"font-size: 10.5pt; font-family: Arial, sans-serif; color: #414141;\">E-Mail:\u00a0farbgetreu@me.com<\/span><\/p><p style=\"margin: 0cm 0cm 0.0001pt; font-size: medium; font-family: Calibri, sans-serif; caret-color: #000000; color: #000000;\"><span lang=\"NL\" style=\"font-size: 10.5pt; font-family: Arial, sans-serif; color: #414141;\">Webseite:\u00a0<\/span><a style=\"font-size: 18px; text-align: center;\" href=\"https:\/\/allaboutimages.eu\/nl\/\">https:\/\/allaboutimages.eu<\/a><\/p><p style=\"margin: 0cm 0cm 0.0001pt; font-size: medium; font-family: Calibri, sans-serif; caret-color: #000000; color: #000000;\">\u00a0<\/p><p style=\"margin: 0cm 0cm 0.0001pt; font-size: medium; font-family: Calibri, sans-serif; caret-color: #000000; color: #000000;\">\u00a0<\/p><p style=\"margin: 0cm 0cm 0.0001pt; font-size: medium; font-family: Calibri, sans-serif; caret-color: #000000; color: #000000;\"><span style=\"font-size: 10.5pt; font-family: Arial, sans-serif;\">Der f\u00fcr die Verarbeitung von personenbezogenen Daten Verantwortliche ist diejenige nat\u00fcrliche oder juristische Person, die allein oder gemeinsam mit anderen \u00fcber die Zwecke und Mittel der Verarbeitung von personenbezogenen Daten entscheidet.\u00a0<\/span><\/p><p>\u00a0<\/p><p style=\"margin: 0cm 0cm 0.0001pt; font-size: medium; font-family: Calibri, sans-serif; caret-color: #000000; color: #000000;\"><b><span style=\"font-size: 10.5pt; font-family: Arial, sans-serif; color: #414141;\">Wir respektieren Ihre Daten!<\/span><\/b><\/p><p style=\"margin: 0cm 0cm 0.0001pt; font-size: medium; font-family: Calibri, sans-serif; caret-color: #000000; color: #000000;\"><b><span style=\"font-size: 10.5pt; font-family: Arial, sans-serif; color: #414141;\">\u00a0<\/span><\/b><\/p><p style=\"margin: 0cm 0cm 0.0001pt; font-size: medium; font-family: Calibri, sans-serif; caret-color: #000000; color: #000000;\"><b><span style=\"font-size: 10.5pt; font-family: Arial, sans-serif;\">Datenerfassung beim Besuch unserer Website\u00a0<\/span><\/b><\/p><p style=\"margin: 0cm 0cm 0.0001pt; font-size: medium; font-family: Calibri, sans-serif; caret-color: #000000; color: #000000;\"><b><span style=\"font-size: 10.5pt; font-family: Arial, sans-serif;\">\u00a0<\/span><\/b><\/p><p style=\"margin: 0cm 0cm 0.0001pt; font-size: medium; font-family: Calibri, sans-serif; caret-color: #000000; color: #000000;\"><span style=\"font-size: 10.5pt; font-family: Arial, sans-serif;\">Bei der blo\u00df informatorischen Nutzung unserer Website, also wenn Sie sich nicht registrieren oder uns anderweitig Informationen \u00fcbermitteln, erheben wir nur solche Daten, die Ihr Browser an unseren Server \u00fcbermittelt (sog. \u201eServer-Logfiles\u201c). Wenn Sie unsere Website aufrufen, erheben wir die folgenden Daten, die f\u00fcr uns technisch erforderlich sind, um Ihnen die Website anzuzeigen:\u00a0<\/span><\/p><p style=\"margin: 0cm 0cm 0.0001pt; font-size: medium; font-family: Calibri, sans-serif; caret-color: #000000; color: #000000;\"><span style=\"font-size: 10.5pt; font-family: Arial, sans-serif;\">&#8211; Unsere besuchte Website\u00a0<\/span><\/p><p style=\"margin: 0cm 0cm 0.0001pt; font-size: medium; font-family: Calibri, sans-serif; caret-color: #000000; color: #000000;\"><span style=\"font-size: 10.5pt; font-family: Arial, sans-serif;\">&#8211; Datum und Uhrzeit zum Zeitpunkt des Zugriffes\u00a0<\/span><\/p><p style=\"margin: 0cm 0cm 0.0001pt; font-size: medium; font-family: Calibri, sans-serif; caret-color: #000000; color: #000000;\"><span style=\"font-size: 10.5pt; font-family: Arial, sans-serif;\">&#8211; Menge der gesendeten Daten in Byte<\/span><\/p><p style=\"margin: 0cm 0cm 0.0001pt; font-size: medium; font-family: Calibri, sans-serif; caret-color: #000000; color: #000000;\"><span style=\"font-size: 10.5pt; font-family: Arial, sans-serif;\">&#8211; Quelle\/Verweis, von welchem Sie auf die Seite gelangten\u00a0<\/span><\/p><p style=\"margin: 0cm 0cm 0.0001pt; font-size: medium; font-family: Calibri, sans-serif; caret-color: #000000; color: #000000;\"><span style=\"font-size: 10.5pt; font-family: Arial, sans-serif;\">&#8211; Verwendeter Browser\u00a0<\/span><\/p><p style=\"margin: 0cm 0cm 0.0001pt; font-size: medium; font-family: Calibri, sans-serif; caret-color: #000000; color: #000000;\"><span style=\"font-size: 10.5pt; font-family: Arial, sans-serif;\">&#8211; Verwendetes Betriebssystem<\/span><\/p><p style=\"margin: 0cm 0cm 0.0001pt; font-size: medium; font-family: Calibri, sans-serif; caret-color: #000000; color: #000000;\"><span style=\"font-size: 10.5pt; font-family: Arial, sans-serif;\">&#8211; Verwendete IP-Adresse (ggf.: in anonymisierter Form)\u00a0<\/span><\/p><p style=\"margin: 0cm 0cm 0.0001pt; font-size: medium; font-family: Calibri, sans-serif; caret-color: #000000; color: #000000;\">\u00a0<\/p><p style=\"margin: 0cm 0cm 0.0001pt; font-size: medium; font-family: Calibri, sans-serif; caret-color: #000000; color: #000000;\"><span style=\"font-size: 10.5pt; font-family: Arial, sans-serif;\">Die Verarbeitung erfolgt gem\u00e4\u00df Art. 6 Abs. 1 lit. f DSGVO auf Basis unseres berechtigten Interesses an der Verbesserung der Stabilit\u00e4t und Funktionalit\u00e4t unserer Website. Eine Weitergabe oder anderweitige Verwendung der Daten findet nicht statt. Wir behalten uns allerdings vor, die Server-Logfiles nachtr\u00e4glich zu \u00fcberpr\u00fcfen, sollten konkrete Anhaltspunkte auf eine rechtswidrige Nutzung hinweisen.\u00a0<\/span><\/p><p style=\"margin: 0cm 0cm 0.0001pt; font-size: medium; font-family: Calibri, sans-serif; caret-color: #000000; color: #000000;\"><span style=\"font-size: 10.5pt; font-family: Arial, sans-serif;\">\u00a0<\/span><\/p><p style=\"margin: 0cm 0cm 0.0001pt; font-size: medium; font-family: Calibri, sans-serif; caret-color: #000000; color: #000000;\">\u00a0<\/p><p style=\"margin: 0cm 0cm 0.0001pt; font-size: medium; font-family: Calibri, sans-serif; caret-color: #000000; color: #000000;\"><b><span style=\"font-size: 10.5pt; font-family: Arial, sans-serif;\">Hosting\u00a0<\/span><\/b><\/p><p style=\"margin: 0cm 0cm 0.0001pt; font-size: medium; font-family: Calibri, sans-serif; caret-color: #000000; color: #000000;\"><span style=\"font-size: 10.5pt; font-family: Arial, sans-serif;\">Wir nutzen das Website-Baukasten-System der elopage GmbH, Kurf\u00fcrstendamm 208, 10719 Berlin, Deutschland (\u201eelopage\u201c) zum Zwecke des Hostings und der Darstellung der Website auf Basis einer Verarbeitung in unserem Auftrag. S\u00e4mtliche auf unserer Website erhobenen Daten werden auf den Servern von elopage in Deutschland verarbeitet. Weitere Hinweise zum Datenschutz von elopage erhalten Sie unter dernachstehenden Internetseite: https:\/\/elopage.com\/privacy-policy\/ Der Umfang der Verarbeitung personenbezogener Daten wird im Folgenden dargestellt. Eine weitere Verarbeitung auf anderen Servern als den vorgenannten von elopage findet nur im nachstehend mitgeteilten Rahmen statt. Wir haben mit Elopage einen Auftragsverarbeitungsvertrag abgeschlossen, mit dem wir Elopage verpflichten, die Daten unserer Kunden zu sch\u00fctzen und sie nicht an Dritte weiterzugeben.<\/span><\/p><p style=\"margin: 0cm 0cm 0.0001pt; font-size: medium; font-family: Calibri, sans-serif; caret-color: #000000; color: #000000;\"><span style=\"font-size: 10.5pt; font-family: Arial, sans-serif;\">\u00a0<\/span><\/p><p style=\"margin: 0cm 0cm 0.0001pt; font-size: medium; font-family: Calibri, sans-serif; caret-color: #000000; color: #000000;\">\u00a0<\/p><p style=\"margin: 0cm 0cm 0.0001pt; font-size: medium; font-family: Calibri, sans-serif; caret-color: #000000; color: #000000;\"><b><span style=\"font-size: 10.5pt; font-family: Arial, sans-serif;\">Rechte des Betroffenen\u00a0<\/span><\/b><\/p><p style=\"margin: 0cm 0cm 0.0001pt; font-size: medium; font-family: Calibri, sans-serif; caret-color: #000000; color: #000000;\"><span style=\"font-size: 10.5pt; font-family: Arial, sans-serif;\">Das geltende Datenschutzrecht gew\u00e4hrt Ihnen gegen\u00fcber dem Verantwortlichen hinsichtlich der Verarbeitung Ihrer personenbezogenen Daten umfassende Betroffenenrechte (Auskunfts- und Interventionsrechte), \u00fcber die wir Sie nachstehend informieren:\u00a0<\/span><\/p><p style=\"margin: 0cm 0cm 0.0001pt; font-size: medium; font-family: Calibri, sans-serif; caret-color: #000000; color: #000000;\">\u00a0<\/p><p style=\"margin: 0cm 0cm 0.0001pt; font-size: medium; font-family: Calibri, sans-serif; caret-color: #000000; color: #000000;\"><span style=\"font-size: 10.5pt; font-family: Arial, sans-serif;\">&#8211; Auskunftsrecht gem\u00e4\u00df Art. 15 DSGVO: Sie haben insbesondere ein Recht auf Auskunft \u00fcber Ihre von uns verarbeiteten personenbezogenen Daten, die Verarbeitungszwecke, die Kategorien der verarbeiteten personenbezogenen Daten, die Empf\u00e4nger oder Kategorien von Empf\u00e4ngern, gegen\u00fcber denen Ihre Daten offengelegt wurden oderwerden, die geplante Speicherdauer bzw. die Kriterien f\u00fcr die Festlegung der Speicherdauer, das Bestehen eines Rechts auf Berichtigung, L\u00f6schung, Einschr\u00e4nkung der Verarbeitung, Widerspruch gegen die Verarbeitung, Beschwerde bei einer Aufsichtsbeh\u00f6rde, die Herkunft Ihrer Daten, wenn diese nicht durch uns bei Ihnen erhoben wurden, das Bestehen einer automatisierten Entscheidungsfindung einschlie\u00dflich Profiling und ggf. aussagekr\u00e4ftige Informationen \u00fcber die involvierte Logik und die Sie betreffende Tragweite und die angestrebten Auswirkungen einer solchen Verarbeitung, sowie Ihr Recht auf Unterrichtung, welche Garantien gem\u00e4\u00df Art. 46 DSGVO bei Weiterleitung Ihrer Daten in Drittl\u00e4nder bestehen;\u00a0<\/span><\/p><p style=\"margin: 0cm 0cm 0.0001pt; font-size: medium; font-family: Calibri, sans-serif; caret-color: #000000; color: #000000;\"><span style=\"font-size: 10.5pt; font-family: Arial, sans-serif;\">\u00a0<\/span><\/p><p style=\"margin: 0cm 0cm 0.0001pt; font-size: medium; font-family: Calibri, sans-serif; caret-color: #000000; color: #000000;\">\u00a0<\/p><p style=\"margin: 0cm 0cm 0.0001pt; font-size: medium; font-family: Calibri, sans-serif; caret-color: #000000; color: #000000;\"><span style=\"font-size: 10.5pt; font-family: Arial, sans-serif;\">&#8211; Recht auf Berichtigung gem\u00e4\u00df Art. 16 DSGVO: Sie haben ein Recht auf unverz\u00fcgliche Berichtigung Sie betreffender unrichtiger Daten und\/oder Vervollst\u00e4ndigung Ihrer bei uns gespeicherten unvollst\u00e4ndigen Daten;\u00a0<\/span><\/p><p style=\"margin: 0cm 0cm 0.0001pt; font-size: medium; font-family: Calibri, sans-serif; caret-color: #000000; color: #000000;\">\u00a0<\/p><p style=\"margin: 0cm 0cm 0.0001pt; font-size: medium; font-family: Calibri, sans-serif; caret-color: #000000; color: #000000;\"><span style=\"font-size: 10.5pt; font-family: Arial, sans-serif;\">&#8211; Recht auf L\u00f6schung gem\u00e4\u00df Art. 17 DSGVO: Sie haben das Recht, die L\u00f6schung Ihrer personenbezogenen Daten bei Vorliegen der Voraussetzungen des Art. 17 Abs. 1 DSGVO zu verlangen. Dieses Recht besteht jedoch insbesondere dann nicht, wenn die Verarbeitung zur Aus\u00fcbung des Rechts auf freie Meinungs\u00e4u\u00dferung und Information, zur Erf\u00fcllung einer rechtlichen Verpflichtung, aus Gr\u00fcnden des \u00f6ffentlichen Interesses oder zur Geltendmachung, Aus\u00fcbung oder Verteidigung von Rechtsanspr\u00fcchen erforderlich ist;<\/span><\/p><p style=\"margin: 0cm 0cm 0.0001pt; font-size: medium; font-family: Calibri, sans-serif; caret-color: #000000; color: #000000;\">\u00a0<\/p><p style=\"margin: 0cm 0cm 0.0001pt; font-size: medium; font-family: Calibri, sans-serif; caret-color: #000000; color: #000000;\"><span style=\"font-size: 10.5pt; font-family: Arial, sans-serif;\">\u00a0&#8211; Recht auf Einschr\u00e4nkung der Verarbeitung gem\u00e4\u00df Art. 18 DSGVO: Sie haben das Recht, die Einschr\u00e4nkung der Verarbeitung Ihrer personenbezogenen Daten zu verlangen, solange die von Ihnen bestrittene Richtigkeit Ihrer Daten \u00fcberpr\u00fcft wird, wenn Sie eine L\u00f6schung Ihrer Daten wegen unzul\u00e4ssiger Datenverarbeitung ablehnen und stattdessen die Einschr\u00e4nkung der Verarbeitung Ihrer Daten verlangen, wenn Sie Ihre Daten zur Geltendmachung, Aus\u00fcbung oder Verteidigung von Rechtsanspr\u00fcchen ben\u00f6tigen, nachdem wir diese Daten nach Zweckerreichung nicht mehr ben\u00f6tigen oder wenn Sie Widerspruch aus Gr\u00fcnden Ihrer besonderen Situation eingelegt haben, solange noch nicht feststeht, ob unsere berechtigten Gr\u00fcnde \u00fcberwiegen;\u00a0<\/span><\/p><p style=\"margin: 0cm 0cm 0.0001pt; font-size: medium; font-family: Calibri, sans-serif; caret-color: #000000; color: #000000;\">\u00a0<\/p><p style=\"margin: 0cm 0cm 0.0001pt; font-size: medium; font-family: Calibri, sans-serif; caret-color: #000000; color: #000000;\"><span style=\"font-size: 10.5pt; font-family: Arial, sans-serif;\">&#8211; Recht auf Unterrichtung gem\u00e4\u00df Art. 19 DSGVO: Haben Sie das Recht auf Berichtigung, L\u00f6schung oder Einschr\u00e4nkung der Verarbeitung gegen\u00fcber dem Verantwortlichen geltend gemacht, ist dieser verpflichtet, allen Empf\u00e4ngern, denen die Sie betreffenden personenbezogenen Daten offengelegt wurden, diese Berichtigung oder L\u00f6schung der Daten oder Einschr\u00e4nkung der Verarbeitung mitzuteilen, es sei denn, dies erweist sich als unm\u00f6glich oder ist mit einem unverh\u00e4ltnism\u00e4\u00dfigen Aufwand verbunden. Ihnen steht das Recht zu, \u00fcber diese Empf\u00e4nger unterrichtet zu werden.\u00a0<\/span><\/p><p style=\"margin: 0cm 0cm 0.0001pt; font-size: medium; font-family: Calibri, sans-serif; caret-color: #000000; color: #000000;\">\u00a0<\/p><p style=\"margin: 0cm 0cm 0.0001pt; font-size: medium; font-family: Calibri, sans-serif; caret-color: #000000; color: #000000;\"><span style=\"font-size: 10.5pt; font-family: Arial, sans-serif;\">&#8211; Recht auf Daten\u00fcbertragbarkeit gem\u00e4\u00df Art. 20 DSGVO: Sie haben das Recht, Ihre personenbezogenen Daten, die Sie uns bereitgestellt haben, in einem strukturierten, g\u00e4ngigen und maschinenlesebaren Format zu erhalten oder die \u00dcbermittlung an einen anderen Verantwortlichen zu verlangen, soweit dies technisch machbar ist;\u00a0<\/span><\/p><p style=\"margin: 0cm 0cm 0.0001pt; font-size: medium; font-family: Calibri, sans-serif; caret-color: #000000; color: #000000;\">\u00a0<\/p><p style=\"margin: 0cm 0cm 0.0001pt; font-size: medium; font-family: Calibri, sans-serif; caret-color: #000000; color: #000000;\"><span style=\"font-size: 10.5pt; font-family: Arial, sans-serif;\">&#8211; Recht auf Widerruf erteilter Einwilligungen gem\u00e4\u00df Art. 7 Abs. 3 DSGVO: Sie haben das Recht, eine einmal erteilte Einwilligung in die Verarbeitung von Daten jederzeit mit Wirkung f\u00fcr die Zukunft zu widerrufen. Im Falle des Widerrufs werden wir die betroffenen Daten unverz\u00fcglich l\u00f6schen, sofern eine weitere Verarbeitung nicht auf eine Rechtsgrundlage zur einwilligungslosen Verarbeitung gest\u00fctzt werden kann. Durch den Widerruf der Einwilligung wird die Rechtm\u00e4\u00dfigkeit der aufgrund der Einwilligung bis zum<\/span><\/p><p style=\"margin: 0cm 0cm 0.0001pt; font-size: medium; font-family: Calibri, sans-serif; caret-color: #000000; color: #000000;\"><span style=\"font-size: 10.5pt; font-family: Arial, sans-serif;\">Widerruf erfolgten Verarbeitung nicht ber\u00fchrt; &#8211; Recht auf Beschwerde gem\u00e4\u00df Art. 77 DSGVO: Wenn Sie der Ansicht sind, dass die Verarbeitung der Sie betreffenden personenbezogenen Daten gegen die DSGVO verst\u00f6\u00dft, haben Sie- unbeschadet eines anderweitigen verwaltungsrechtlichen oder gerichtlichen Rechtsbehelfs &#8211; das Recht auf Beschwerde bei einer Aufsichtsbeh\u00f6rde, insbesondere in dem Mitgliedstaat Ihres Aufenthaltsortes, Ihres Arbeitsplatzes oder des Ortes des mutma\u00dflichen Versto\u00dfes.<\/span><\/p><p style=\"margin: 0cm 0cm 0.0001pt; font-size: medium; font-family: Calibri, sans-serif; caret-color: #000000; color: #000000;\"><span style=\"font-size: 10.5pt; font-family: Arial, sans-serif;\">\u00a0<\/span><\/p><p style=\"margin: 0cm 0cm 0.0001pt; font-size: medium; font-family: Calibri, sans-serif; caret-color: #000000; color: #000000;\">\u00a0<\/p><p style=\"margin: 0cm 0cm 0.0001pt; font-size: medium; font-family: Calibri, sans-serif; caret-color: #000000; color: #000000;\"><b><span style=\"font-size: 10.5pt; font-family: Arial, sans-serif;\">WIDERSPRUCHSRECHT<\/span><\/b><span style=\"font-size: 10.5pt; font-family: Arial, sans-serif;\">\u00a0<\/span><\/p><p style=\"margin: 0cm 0cm 0.0001pt; font-size: medium; font-family: Calibri, sans-serif; caret-color: #000000; color: #000000;\"><span style=\"font-size: 10.5pt; font-family: Arial, sans-serif;\">WENN WIR IM RAHMEN EINER INTERESSENABW\u00c4GUNG IHRE PERSONENBEZOGENEN DATEN AUFGRUND UNSERES \u00dcBERWIEGENDEN BERECHTIGTEN INTERESSES VERARBEITEN, HABEN SIE DAS JEDERZEITIGE RECHT, AUS GR\u00dcNDEN, DIE SICH AUS IHRER BESONDEREN SITUATION ERGEBEN, GEGEN DIESE VERARBEITUNG WIDERSPRUCH MIT WIRKUNG F\u00dcR DIE ZUKUNFT EINZULEGEN. MACHEN SIE VON IHREM WIDERSPRUCHSRECHT GEBRAUCH, BEENDEN WIR DIE VERARBEITUNG DER BETROFFENEN DATEN. EINE WEITERVERARBEITUNG BLEIBT ABER VORBEHALTEN, WENN WIR ZWINGENDE SCHUTZW\u00dcRDIGE GR\u00dcNDE F\u00dcR DIE VERARBEITUNG NACHWEISEN K\u00d6NNEN, DIE IHRE INTERESSEN, GRUNDRECHTE UND GRUNDFREIHEITEN \u00dcBERWIEGEN, ODER WENN DIE VERARBEITUNG DER GELTENDMACHUNG, AUS\u00dcBUNG ODER VERTEIDIGUNG VON RECHTSANSPR\u00dcCHEN DIENT. WERDEN IHRE PERSONENBEZOGENEN DATEN VON UNS VERARBEITET, UM DIREKTWERBUNG ZU BETREIBEN, HABEN SIE DAS RECHT, JEDERZEIT WIDERSPRUCH GEGEN DIE VERARBEITUNG SIE BETREFFENDER PERSONENBEZOGENER DATEN ZUM ZWECKE DERARTIGER WERBUNG EINZULEGEN. SIE K\u00d6NNEN DEN WIDERSPRUCH WIE OBEN BESCHRIEBEN AUS\u00dcBEN. MACHEN SIE VON IHREM WIDERSPRUCHSRECHT GEBRAUCH, BEENDEN WIR DIE VERARBEITUNG DER BETROFFENEN DATEN ZU DIREKTWERBEZWECKEN.<\/span><\/p><p style=\"margin: 0cm 0cm 0.0001pt; font-size: medium; font-family: Calibri, sans-serif; caret-color: #000000; color: #000000;\">\u00a0<\/p><p style=\"margin: 0cm 0cm 10pt; font-size: medium; font-family: Calibri, sans-serif; caret-color: #000000; color: #000000;\"><b><span style=\"font-size: 10.5pt; font-family: Arial, sans-serif;\">Dauer der Speicherung personenbezogener Daten\u00a0<\/span><\/b><\/p><p style=\"margin: 0cm 0cm 10pt; font-size: medium; font-family: Calibri, sans-serif; caret-color: #000000; color: #000000;\"><span style=\"font-size: 10.5pt; font-family: Arial, sans-serif;\">Die Dauer der Speicherung von personenbezogenen Daten bemisst sich anhand der jeweiligen Rechtsgrundlage, am Verarbeitungszweck und \u2013 sofern einschl\u00e4gig \u2013 zus\u00e4tzlich anhand der jeweiligen gesetzlichen Aufbewahrungsfrist (z.B. handels- und steuerrechtliche Aufbewahrungsfristen).\u00a0<\/span><\/p><p style=\"margin: 0cm 0cm 10pt; font-size: medium; font-family: Calibri, sans-serif; caret-color: #000000; color: #000000;\"><span style=\"font-size: 10.5pt; font-family: Arial, sans-serif;\">Bei der Verarbeitung von personenbezogenen Daten auf Grundlage einer ausdr\u00fccklichen Einwilligung gem\u00e4\u00df Art. 6 Abs. 1 lit. a DSGVO werden diese Daten so lange gespeichert, bis der Betroffene seine Einwilligung widerruft.\u00a0<\/span><\/p><p style=\"margin: 0cm 0cm 10pt; font-size: medium; font-family: Calibri, sans-serif; caret-color: #000000; color: #000000;\"><span style=\"font-size: 10.5pt; font-family: Arial, sans-serif;\">Existieren gesetzliche Aufbewahrungsfristen f\u00fcr Daten, die im Rahmen rechtsgesch\u00e4ftlicher bzw. rechtsgesch\u00e4fts\u00e4hnlicher Verpflichtungen auf der Grundlage von Art. 6 Abs. 1 lit. b DSGVO verarbeitet werden, werden diese Daten nach Ablauf der Aufbewahrungsfristen routinem\u00e4\u00dfig gel\u00f6scht, sofern sie nicht mehr zur Vertragserf\u00fcllung oder Vertragsanbahnung erforderlich sind und\/oder unsererseits kein berechtigtes Interesse an der Weiterspeicherung fortbesteht.\u00a0<\/span><\/p><p style=\"margin: 0cm 0cm 10pt; font-size: medium; font-family: Calibri, sans-serif; caret-color: #000000; color: #000000;\"><span style=\"font-size: 10.5pt; font-family: Arial, sans-serif;\">Bei der Verarbeitung von personenbezogenen Daten auf Grundlage von Art. 6 Abs. 1 lit. f DSGVO werden diese Daten so lange gespeichert, bis der Betroffene sein Widerspruchsrecht nach Art. 21 Abs. 1 DSGVO aus\u00fcbt, es sei denn, wir k\u00f6nnen zwingende schutzw\u00fcrdige Gr\u00fcnde f\u00fcr die Verarbeitung nachweisen, die die Interessen, Rechte und Freiheiten der betroffenen Person \u00fcberwiegen, oder die Verarbeitung dient der Geltendmachung, Aus\u00fcbung oder Verteidigung von Rechtsanspr\u00fcchen. Bei der Verarbeitung von personenbezogenen Daten zum Zwecke der Direktwerbung auf Grundlage von Art. 6 Abs. 1 lit. f DSGVO werden diese Daten so lange gespeichert, bis der Betroffene sein Widerspruchsrecht nach Art. 21 Abs. 2 DSGVO aus\u00fcbt.\u00a0<\/span><\/p><p style=\"margin: 0cm 0cm 10pt; font-size: medium; font-family: Calibri, sans-serif; caret-color: #000000; color: #000000;\"><span style=\"font-size: 10.5pt; font-family: Arial, sans-serif;\">Sofern sich aus den sonstigen Informationen dieser Erkl\u00e4rung \u00fcber spezifische Verarbeitungssituationen nichts anderes ergibt, werden gespeicherte personenbezogene Daten im \u00dcbrigen dann gel\u00f6scht, wenn sie f\u00fcr die Zwecke, f\u00fcr die sie erhoben oder auf sonstige Weise verarbeitet wurden, nicht mehr notwendig sind.<\/span><\/p><p style=\"margin: 0cm 0cm 0.0001pt; font-size: medium; font-family: Calibri, sans-serif; caret-color: #000000; color: #000000;\"><span style=\"font-family: 'Times New Roman', serif;\">\u00a0<\/span><\/p><p style=\"margin: 0cm 0cm 0.0001pt; font-size: medium; font-family: Calibri, sans-serif; caret-color: #000000; color: #000000;\">\u00a0<\/p>\t\t\t\t\t\t\t\t<\/div>\n\t\t\t\t<div class=\"elementor-element elementor-element-ce7cdd5 elementor-widget elementor-widget-text-editor\" data-id=\"ce7cdd5\" data-element_type=\"widget\" data-e-type=\"widget\" data-widget_type=\"text-editor.default\">\n\t\t\t\t\t\t\t\t\t<p>Hinweise zur Datenverarbeitung im Zusammenhang mit Google Analytics<\/p>\t\t\t\t\t\t\t\t<\/div>\n\t\t\t\t<div class=\"elementor-element elementor-element-852d262 elementor-widget elementor-widget-text-editor\" data-id=\"852d262\" data-element_type=\"widget\" data-e-type=\"widget\" data-widget_type=\"text-editor.default\">\n\t\t\t\t\t\t\t\t\t<p>Diese Website benutzt Google Analytics, einen Webanalysedienst der Google Ireland Limited. Wenn der Verantwortliche f\u00fcr die Datenverarbeitung auf dieser Website au\u00dferhalb des Europ\u00e4ischen Wirtschaftsraumes oder der Schweiz sitzt, dann erfolgt die Google Analytics Datenverarbeitung durch Google LLC. Google LLC und Google Ireland Limited werden nachfolgend &#8222;Google&#8220; genannt.<br \/><br \/>Google Analytics verwendet sog. &#8222;Cookies&#8220;, Textdateien, die auf dem Computer des Seitenbesuchers gespeichert werden und die eine Analyse der Benutzung der Website durch den Seitenbesucher erm\u00f6glichen. Die durch das Cookie erzeugten Informationen \u00fcber die Benutzung dieser Website durch den Seitenbesucher (einschlie\u00dflich der gek\u00fcrzten IP-Adresse) werden in der Regel an einen Server von Google \u00fcbertragen und dort gespeichert.<br \/><br \/>Google Analytics wird ausschlie\u00dflich mit der Erweiterung &#8222;_anonymizeIp()&#8220; auf dieser Website verwendet. Diese Erweiterung stellt eine Anonymisierung der IP-Adresse durch K\u00fcrzung sicher und schlie\u00dft eine direkte Personenbeziehbarkeit aus. Durch die Erweiterung wird die IP-Adresse von Google innerhalb von Mitgliedstaaten der Europ\u00e4ischen Union oder in anderen Vertragsstaaten des Abkommens \u00fcber den Europ\u00e4ischen Wirtschaftsraum zuvor gek\u00fcrzt. Nur in Ausnahmef\u00e4llen wird die volle IP-Adresse an einen Server von Google in den USA \u00fcbertragen und dort gek\u00fcrzt. Die im Rahmen von Google Analytics von dem entsprechenden Browser \u00fcbermittelte IP-Adresse wird nicht mit anderen Daten von Google zusammengef\u00fchrt.<br \/><br \/>Im Auftrag des Seitenbetreibers wird Google die anfallenden Informationen benutzen, um die Nutzung der Website auszuwerten, um Reports \u00fcber die Websiteaktivit\u00e4ten zusammenzustellen und um weitere mit der Websitenutzung und der Internetnutzung verbundene Dienstleistungen dem Seitenbetreiber gegen\u00fcber zu erbringen (Art. 6 Abs. 1 lit. f DSGVO). Das berechtigte Interesse an der Datenverarbeitung liegt in der Optimierung dieser Website, der Analyse der Benutzung der Website und der Anpassung der Inhalte. Die Interessen der Nutzer werden durch die Pseudonymisierung hinreichend gewahrt.<br \/><br \/>Google LLC. bietet eine Garantie auf Basis der Standardvertragsklauseln ein angemessenes Datenschutzniveau einzuhalten. Die gesendeten und mit Cookies, Nutzerkennungen (z. B. User-ID) oder Werbe-IDs verkn\u00fcpften Daten werden nach 50 Monaten automatisch gel\u00f6scht. Die L\u00f6schung von Daten, deren Aufbewahrungsdauer erreicht ist, erfolgt automatisch einmal im Monat.<br \/><br \/>Die Erfassung durch Google Analytics kann verhindert werden, indem der Seitenbesucher die Cookie-Einstellungen f\u00fcr diese Website anpasst. Der Erfassung und Speicherung der IP-Adresse und der durch Cookies erzeugten Daten kann au\u00dferdem jederzeit mit Wirkung f\u00fcr die Zukunft widersprochen werden. Das entsprechende Browser- Plugin kann unter dem folgenden Link heruntergeladen und installiert werden:\u00a0<a href=\"http:\/\/tools.google.com\/dlpage\/gaoptout\" target=\"_blank\" rel=\"noopener\">https:\/\/tools.google.com\/dlpage\/gaoptout<\/a>.<br \/><br \/><span class=\"jtpl-ga-opt-out-text\">Der Seitenbesucher kann die Erfassung durch Google Analytics auf dieser Webseite verhindern, indem er auf folgenden\u00a0<a class=\"ga-opt-out-link\">Link<\/a>\u00a0klickt. Es wird ein Opt-Out-Cookie gesetzt, der die zuk\u00fcnftige Erfassung der Daten beim Besuch dieser Website verhindert.<\/span><br \/><br \/>Weitere Informationen zur Datennutzung durch Google, Einstellungs- und Widerspruchsm\u00f6glichkeiten, finden sich in der Datenschutzerkl\u00e4rung von Google (<a href=\"https:\/\/policies.google.com\/privacy\" target=\"_blank\" rel=\"noopener\">https:\/\/policies.google.com\/privacy<\/a>) sowie in den Einstellungen f\u00fcr die Darstellung von Werbeeinblendungen durch Google (<a href=\"https:\/\/adssettings.google.com\/authenticated\" target=\"_blank\" rel=\"noopener\">https:\/\/adssettings.google.com\/authenticated<\/a>).<\/p>\t\t\t\t\t\t\t\t<\/div>\n\t\t\t\t<div class=\"elementor-element elementor-element-f71ceb7 elementor-widget elementor-widget-text-editor\" data-id=\"f71ceb7\" data-element_type=\"widget\" data-e-type=\"widget\" data-widget_type=\"text-editor.default\">\n\t\t\t\t\t\t\t\t\t<p>reCAPTCHA<\/p>\t\t\t\t\t\t\t\t<\/div>\n\t\t\t\t<div class=\"elementor-element elementor-element-0c007ef elementor-widget elementor-widget-text-editor\" data-id=\"0c007ef\" data-element_type=\"widget\" data-e-type=\"widget\" data-widget_type=\"text-editor.default\">\n\t\t\t\t\t\t\t\t\t<p>Zum Schutz Ihrer Anfragen per Internetformular verwenden wir den Dienst reCAPTCHA des Unternehmens Google LLC (Google). Die Abfrage dient der Unterscheidung, ob die Eingabe durch einen Menschen oder missbr\u00e4uchlich durch automatisierte, maschinelle Verarbeitung erfolgt. Die Abfrage schlie\u00dft den Versand der IP-Adresse und ggf. weiterer von Google f\u00fcr den Dienst reCAPTCHA ben\u00f6tigter Daten an Google ein. Zu diesem Zweck wird Ihre Eingabe an Google \u00fcbermittelt und dort weiter verwendet. Ihre IP-Adresse wird von Google jedoch innerhalb von Mitgliedstaaten der Europ\u00e4ischen Union oder in anderen Vertragsstaaten des Abkommens \u00fcber den Europ\u00e4ischen Wirtschaftsraum zuvor gek\u00fcrzt. Nur in Ausnahmef\u00e4llen wird die volle IP-Adresse an einen Server von Google in den USA \u00fcbertragen und dort gek\u00fcrzt. Im Auftrag des Betreibers dieser Website wird Google diese Informationen benutzen, um Ihre Nutzung dieses Dienstes auszuwerten. Die im Rahmen von reCaptcha von Ihrem Browser \u00fcbermittelte IP-Adresse wird nicht mit anderen Daten von Google zusammengef\u00fchrt. F\u00fcr diese Daten gelten die abweichenden Datenschutzbestimmungen des Unternehmens Google. Weitere Informationen zu den Datenschutzrichtlinien von Google finden Sie unter:\u00a0<a href=\"https:\/\/policies.google.com\/privacy?hl=de\" target=\"_blank\" rel=\"noopener\">https:\/\/policies.google.com\/privacy?hl=de<\/a><\/p>\t\t\t\t\t\t\t\t<\/div>\n\t\t\t\t\t<\/div>\n\t\t<\/div>\n\t\t\t\t\t<\/div>\n\t\t<\/section>\n\t\t\t\t<\/div>","protected":false},"excerpt":{"rendered":"<p>Datenschutzerkl\u00e4rung \u00a0 \u00a0 Name und Anschrift des Verantwortlichen: Der Verantwortliche im Sinne der EU-Datenschutz-Grundverordnung sowie sonstiger datenschutzrechtlicher Bestimmungen ist: All About Images Heike Jasper Westduinen\u00a061 1187 JG Amstelveen E-Mail:\u00a0farbgetreu@me.com Webseite:\u00a0https:\/\/allaboutimages.eu \u00a0 \u00a0 Der f\u00fcr die Verarbeitung von personenbezogenen Daten Verantwortliche ist diejenige nat\u00fcrliche oder juristische Person, die allein oder gemeinsam mit anderen \u00fcber die Zwecke [&hellip;]<\/p>\n","protected":false},"author":1,"featured_media":0,"parent":0,"menu_order":0,"comment_status":"closed","ping_status":"closed","template":"elementor_header_footer","meta":{"iawp_total_views":1421,"footnotes":""},"class_list":["post-14","page","type-page","status-publish","hentry"],"_links":{"self":[{"href":"https:\/\/allaboutimages.eu\/nl\/wp-json\/wp\/v2\/pages\/14","targetHints":{"allow":["GET"]}}],"collection":[{"href":"https:\/\/allaboutimages.eu\/nl\/wp-json\/wp\/v2\/pages"}],"about":[{"href":"https:\/\/allaboutimages.eu\/nl\/wp-json\/wp\/v2\/types\/page"}],"author":[{"embeddable":true,"href":"https:\/\/allaboutimages.eu\/nl\/wp-json\/wp\/v2\/users\/1"}],"replies":[{"embeddable":true,"href":"https:\/\/allaboutimages.eu\/nl\/wp-json\/wp\/v2\/comments?post=14"}],"version-history":[{"count":26,"href":"https:\/\/allaboutimages.eu\/nl\/wp-json\/wp\/v2\/pages\/14\/revisions"}],"predecessor-version":[{"id":7748,"href":"https:\/\/allaboutimages.eu\/nl\/wp-json\/wp\/v2\/pages\/14\/revisions\/7748"}],"wp:attachment":[{"href":"https:\/\/allaboutimages.eu\/nl\/wp-json\/wp\/v2\/media?parent=14"}],"curies":[{"name":"wp","href":"https:\/\/api.w.org\/{rel}","templated":true}]}}